{"id":22,"date":"2012-03-09T21:05:48","date_gmt":"2012-03-09T21:05:48","guid":{"rendered":"http:\/\/public-health-kompakt.frappant.ch\/?page_id=22"},"modified":"2026-03-23T15:44:26","modified_gmt":"2026-03-23T15:44:26","slug":"kapitel-6","status":"publish","type":"page","link":"https:\/\/www.public-health-kompakt.ch\/index.php\/kapitel-6\/","title":{"rendered":"Kapitel 6  Materielle Umwelt und Gesundheit"},"content":{"rendered":"\n<p><\/p>\n\n\n\n<p><em>Claudia Kuehni, Hubertus Fischer, Adrian Schilt, Ana Vicedo Cabrera, Matthias Egger, Daniela Haluza, Lotte Habermann-Horstmeier, Michael Kundi, Hanns Moshammer, Mandukhai Ganbat, Martin R\u00f6\u00f6sli, Gabriele Berg-Beckhoff, Martin Jutzi, Andreas Seidler, Melanie Schubert, Hans-Peter Hutter<\/em><\/p>\n\n\n\n<p>In diesem Kapitel befassen wir uns mit der materiellen Umwelt der Menschen und den Auswirkungen, die sie auf die menschliche Gesundheit haben kann. Vor allem in den letzten beiden Jahrhunderten hat sich unsere Umwelt durch Bev\u00f6lkerungswachstum, Industrialisierung und Urbanisierung stark ver\u00e4ndert und sie ver\u00e4ndert sich laufend weiter.<br>Im ersten Abschnitt widmen wir uns dem sich \u00e4ndernden Klima und seinen \u00f6kologischen und gesundheitlichen Folgen. Dazu diskutieren wir die politischen Aspekte, die in diesem Zusammenhang von gro\u00dfer Bedeutung sind, einschlie\u00dflich der Ma\u00dfnahmen zur Reduktion von Treibhausgasemissionen. Im zweiten Abschnitt gehen wir auf die Trinkwasserversorgung und Abwasserentsorgung ein, die von zentraler Bedeutung f\u00fcr die Gesundheit der Bev\u00f6lkerung sind. Der n\u00e4chste Abschnitt widmet sich der Verschmutzung des Bodens, der Grundlage des Lebens auf dem Festland und wesentliche Basis der Nahrungsmittelproduktion und des Wasserhaushaltes. Danach besch\u00e4ftigen wir uns mit der Luftverschmutzung. Wir betrachten die wichtigsten Schadstoffquellen, die gesundheitlichen Auswirkungen der Luftverschmutzung und m\u00f6gliche pr\u00e4ventive Ma\u00dfnahmen. In einem weiteren Abschnitt er\u00f6rtern wir die Begriffe und Ma\u00dfeinheiten rund um ionisierende und nicht-ionisierende Strahlung, die h\u00e4ufigsten Strahlungsquellen, gesundheitlichen Auswirkungen und pr\u00e4ventive Ma\u00dfnahmen. Abschlie\u00dfend definieren wir Schall und L\u00e4rm, betrachten die wichtigsten L\u00e4rmquellen und gehen auf die Bedeutung der durch L\u00e4rm ausgel\u00f6sten Erkrankungen und ihre Pr\u00e4vention ein.<\/p>\n\n\n\n<p><strong>Die \u00dcbersicht unten f\u00fchrt Sie durch Klicken auf die jeweiligen Abschnitten zu den zus\u00e4tzlichen Materialien<\/strong>.<\/p>\n\n\n\n<ul class=\"wp-block-list\">\n<li><a href=\"https:\/\/www.public-health-kompakt.ch\/index.php\/kapitel-6\/kap-6-1\/\">6.1 Klima<\/a><\/li>\n\n\n\n<li><a href=\"https:\/\/www.public-health-kompakt.ch\/index.php\/kapitel-6\/kap-6-2\/\">6.2 Wasser<\/a><\/li>\n\n\n\n<li><a href=\"https:\/\/www.public-health-kompakt.ch\/index.php\/kapitel-6\/6-3\/\">6.3 Boden<\/a><\/li>\n\n\n\n<li><a href=\"https:\/\/www.public-health-kompakt.ch\/index.php\/kapitel-6\/kap-6-4-luft\/\">6.4 Luft<\/a><\/li>\n\n\n\n<li><a href=\"https:\/\/www.public-health-kompakt.ch\/index.php\/kapitel-6\/kap-6-5-strahlung\/\">6.5 Strahlung<\/a><\/li>\n\n\n\n<li><a href=\"https:\/\/www.public-health-kompakt.ch\/index.php\/kapitel-6\/kap-6-6-larm\/\">6.6 L\u00e4rm<\/a><\/li>\n<\/ul>\n\n\n\n\n\n<p><\/p>\n","protected":false},"excerpt":{"rendered":"<p>Claudia Kuehni, Hubertus Fischer, Adrian Schilt, Ana Vicedo Cabrera, Matthias Egger, Daniela Haluza, Lotte Habermann-Horstmeier, Michael Kundi, Hanns Moshammer, Mandukhai Ganbat, Martin R\u00f6\u00f6sli, Gabriele Berg-Beckhoff, Martin Jutzi, Andreas Seidler, Melanie Schubert, Hans-Peter Hutter In diesem Kapitel befassen wir uns mit der materiellen Umwelt der Menschen und den Auswirkungen, die sie auf die menschliche Gesundheit haben [&hellip;]<\/p>\n","protected":false},"author":7,"featured_media":0,"parent":0,"menu_order":6,"comment_status":"closed","ping_status":"closed","template":"","meta":{"footnotes":""},"class_list":["post-22","page","type-page","status-publish","hentry"],"blocksy_meta":[],"_links":{"self":[{"href":"https:\/\/www.public-health-kompakt.ch\/index.php\/wp-json\/wp\/v2\/pages\/22","targetHints":{"allow":["GET"]}}],"collection":[{"href":"https:\/\/www.public-health-kompakt.ch\/index.php\/wp-json\/wp\/v2\/pages"}],"about":[{"href":"https:\/\/www.public-health-kompakt.ch\/index.php\/wp-json\/wp\/v2\/types\/page"}],"author":[{"embeddable":true,"href":"https:\/\/www.public-health-kompakt.ch\/index.php\/wp-json\/wp\/v2\/users\/7"}],"replies":[{"embeddable":true,"href":"https:\/\/www.public-health-kompakt.ch\/index.php\/wp-json\/wp\/v2\/comments?post=22"}],"version-history":[{"count":65,"href":"https:\/\/www.public-health-kompakt.ch\/index.php\/wp-json\/wp\/v2\/pages\/22\/revisions"}],"predecessor-version":[{"id":7130,"href":"https:\/\/www.public-health-kompakt.ch\/index.php\/wp-json\/wp\/v2\/pages\/22\/revisions\/7130"}],"wp:attachment":[{"href":"https:\/\/www.public-health-kompakt.ch\/index.php\/wp-json\/wp\/v2\/media?parent=22"}],"curies":[{"name":"wp","href":"https:\/\/api.w.org\/{rel}","templated":true}]}}