{"id":244,"date":"2012-04-16T19:34:30","date_gmt":"2012-04-16T19:34:30","guid":{"rendered":"http:\/\/public-health-kompakt.frappant.ch\/?page_id=244"},"modified":"2026-03-23T15:45:19","modified_gmt":"2026-03-23T15:45:19","slug":"kap-6-5-strahlung","status":"publish","type":"page","link":"https:\/\/www.public-health-kompakt.ch\/index.php\/kapitel-6\/kap-6-5-strahlung\/","title":{"rendered":"Kap. 6.5 Strahlung"},"content":{"rendered":"\n<p><em>Martin R\u00f6\u00f6sli, Gabriele Berg-Beckhof<\/em>, <em>Claudia Kuehni, Martin Jutzi<\/em><\/p>\n\n\n\n<blockquote class=\"wp-block-quote is-style-plain is-layout-flow wp-block-quote-is-layout-flow\">\n<p>Gerne \u2014 hier ist eine gek\u00fcrzte Fassung:<\/p>\n\n\n\n<p>Dieses Kapitel behandelt Strahlung als wichtigen Umweltfaktor f\u00fcr Public Health. Es unterscheidet das elektromagnetische Spektrum nach Wellenl\u00e4nge und Frequenz in nicht-ionisierende und ionisierende Strahlung. Nicht-ionisierende Strahlung hat nicht gen\u00fcgend Energie, um Atome oder Molek\u00fcle zu ionisieren; ionisierende Strahlung kann Elektronen aus Atomh\u00fcllen l\u00f6sen. <\/p>\n\n\n\n<p>Nicht-ionisierende Strahlung ist im Alltag allgegenw\u00e4rtig. Niederfrequente elektrische und magnetische Felder entstehen bei Erzeugung, Transport und Nutzung von Strom. Hochfrequente elektromagnetische Felder werden etwa durch Mobilfunk, WLAN, Bluetooth und andere drahtlose Systeme erzeugt. Eine besondere Rolle spielt die ultraviolette (UV-)Strahlung im Grenzbereich zur ionisierenden Strahlung. Sie stammt vor allem von der Sonne, k\u00fcnstlich insbesondere aus Solarien. UV-Strahlung hat sowohl n\u00fctzliche Effekte wie die Vitamin-D-Synthese als auch sch\u00e4dliche Wirkungen wie Hautalterung, Augensch\u00e4den und ein erh\u00f6htes Hautkrebsrisiko. Die UV-Strahlung von Sonne und Solarien wird von der IARC als krebserzeugend eingestuft. Ionisierende Strahlung entsteht vor allem beim radioaktiven Zerfall instabiler Atomkerne oder wird technisch erzeugt, etwa in der medizinischen Diagnostik und Therapie. Dazu z\u00e4hlen Alpha-, Beta-, Gamma-, R\u00f6ntgen- und Neutronenstrahlung, die sich in Durchdringungsf\u00e4higkeit und biologischer Wirkung unterscheiden. Ihre gesundheitlichen Folgen reichen von akuten Effekten bei hohen Dosen bis zu stochastischen Effekten wie Krebs oder genetischen Ver\u00e4nderungen, die auch bei niedrigen Dosen auftreten k\u00f6nnen.<\/p>\n\n\n\n<p>Aus Public-Health-Sicht ist die Strahlenexposition der Bev\u00f6lkerung zentral. Der gr\u00f6\u00dfte Teil der j\u00e4hrlichen effektiven Dosis stammt in Mitteleuropa aus nat\u00fcrlichen Quellen, besonders aus Radon in Innenr\u00e4umen, sowie aus medizinischen Anwendungen. Radon ist nach dem Rauchen der zweitwichtigste Risikofaktor f\u00fcr Lungenkrebs. Weitere Beitr\u00e4ge stammen aus kosmischer und terrestrischer Strahlung sowie aus der Nahrung. Die durchschnittliche j\u00e4hrliche Strahlenexposition betr\u00e4gt in Deutschland etwa 4,7 mSv, in der Schweiz und \u00d6sterreich rund 6 mSv. Zentrale Prinzipien des Strahlenschutzes sind Dosisbegrenzung, Rechtfertigung und das ALARA-Prinzip (\u201eAs Low As Reasonably Achievable\u201c). Gesetze, Grenzwerte, \u00dcberwachungssysteme und bauliche Ma\u00dfnahmen \u2013 besonders zur Reduktion der Radonbelastung \u2013 sollen Bev\u00f6lkerung und exponierte Berufsgruppen sch\u00fctzen.<\/p>\n\n\n\n<h4 class=\"wp-block-heading\"><a name=\"LQ\"><\/a>Literaturquellen<\/h4>\n\n\n\n<ul class=\"wp-block-list\">\n<li>Berg-Beckhoff G, Kowall B, Breckenkamp J. <a href=\"https:\/\/www.sciencedirect.com\/science\/chapter\/referencework\/pii\/B9780444522726002099?via%3Dihub\">Radio frequency electromagnetic fields: Health effects<\/a>. In: Nriagu JO, editor. Encyclopedia of Environmental Health. Vol. 4, Burlington: Elsevier. 2011:\u00a0 721\u2013727<\/li>\n\n\n\n<li>Cardis E, Krewski D, Boniol M et al. <a href=\"https:\/\/pubmed.ncbi.nlm.nih.gov\/16628547\/\">Estimates of the cancer burden in Europe from radioactive fallout from the Chernobyl accident<\/a>. Int. J. Cancer 2006; 119: 1224-1235.<\/li>\n\n\n\n<li>Eidgen\u00f6ssisches Departement des Innern (EDI), Bundesamt f\u00fcr Gesundheit (BAG), Direktionsbereich Verbraucherschutz. <a href=\"https:\/\/www.bag.admin.ch\/de\/jahresberichte-strahlenschutz-und-dosimetrie\">Jahresberiche Strahlenschutz und Dosimetrie<\/a><\/li>\n\n\n\n<li>Eidgen\u00f6ssisches Nuklearsicherheitsinspektorat ENSI. <a href=\"https:\/\/ensi.admin.ch\/de\/dokumente\/strahlenschutzbericht-2024-ensi-an-12238\/\">Strahlenschutzbericht 2024.<\/a><\/li>\n\n\n\n<li>Frei P, Mohler E, Neubauer G et al. <a href=\"https:\/\/pubmed.ncbi.nlm.nih.gov\/19476932\/\">Temporal and spatial variability of personal exposure to radiofrequency electromagnetic fields<\/a>. Environmental Research 2009; 109(6): 779-85<\/li>\n\n\n\n<li>ICRP, 2007. The 2007 Recommendations of the International Commission on Radiological Protection. <a href=\"https:\/\/www.icrp.org\/publication.asp?id=ICRP%20Publication%20103\">ICRP Publication 103<\/a>. Ann. ICRP 37 (2-4);<\/li>\n\n\n\n<li>Kheifets L, Afifi AA, Shimkhada R. <a href=\"https:\/\/pubmed.ncbi.nlm.nih.gov\/17035138\/\">Public health impact of extremely low-frequency electromagnetic fields<\/a>. Environmental Health Perspective 2006; 114(10): 1532-7<\/li>\n\n\n\n<li>Kheifets L, Ahlbom A, Crespi CM et al. <a href=\"https:\/\/pubmed.ncbi.nlm.nih.gov\/20877339\/\">Pooled analysis of recent studies on magnetic fields and childhood leukaemia<\/a>. British Journal of Cancer 2010; 103(7): 1128-35<\/li>\n\n\n\n<li>International agency for research on cancer (IARC). Monographs on the Evaluation of Carcinogenic Risks to Humans. Vol. 80: Non-Ionizing Radiation, Part 1: Static and extremely low-frequency (ELF) electric and magnetic fields, &nbsp;2002<\/li>\n\n\n\n<li>ICNIRP. <a href=\"http:\/\/www.icnirp.de\/cms\/upload\/publications\/ICNIRPLFgdl.pdf\">Guidelines for limiting exposure to time-varying electric and magnetic fields (1 Hz &#8211; 100 kHz)<\/a>. Health Phys 2010; 99(6): 818-36<\/li>\n\n\n\n<li>International Commission on Non-Ionizing Radiation Protection (ICNIRP). Guidelines for limiting exposure to time-varying electric, magnetic, and electromagnetic fields (up to 300 GHz). Health Physics 1998; 74(4): 494-522 <\/li>\n\n\n\n<li>INTERPHONE Study Group. Brain tumour risk in relation to mobile telephone use: results of the INTERPHONE international case-control study. International Journal of Epidemiology 2010; 39(3): 675-94<\/li>\n\n\n\n<li>Regel SJ, Achermann P. Cognitive performance measures in bioelectromagnetic research &#8211; critical evaluation and recommendations. Environmental Health 2011; 10(1): 10<\/li>\n\n\n\n<li><\/li>\n\n\n\n<li>Strahlenschutzkommission. <a href=\"https:\/\/www.ssk.de\/SharedDocs\/Veroeffentlichungen_PDF\/JahresberichtederSSK\/Jahresbericht_2019.pdf?__blob=publicationFile\">Jahresbericht 2019 der Strahlenschutzkommission<\/a><\/li>\n\n\n\n<li>United States Environmental Protection Agency (EPA). Radiation Protection. <a href=\"https:\/\/www.epa.gov\/radiation\/radiation-sources-and-doses\">Radiation Sources and Doses<\/a><\/li>\n\n\n\n<li>R\u00f6\u00f6sli M, Frei P, Mohler E, Hug K. <a href=\"https:\/\/pubmed.ncbi.nlm.nih.gov\/21124713\/\">Systematic review on the health effects of exposure to radiofrequency electromagnetic fields from mobile phone base stations<\/a>. Bulletin of the World Health Organization 2010; 88(12):887-896<\/li>\n<\/ul>\n<\/blockquote>\n\n\n\n<figure class=\"wp-block-image size-full is-resized\"><img loading=\"lazy\" decoding=\"async\" width=\"867\" height=\"887\" src=\"https:\/\/www.public-health-kompakt.ch\/wp-content\/uploads\/2026\/03\/image-9.png\" alt=\"\" class=\"wp-image-7125\" style=\"width:573px;height:auto\" srcset=\"https:\/\/www.public-health-kompakt.ch\/wp-content\/uploads\/2026\/03\/image-9.png 867w, https:\/\/www.public-health-kompakt.ch\/wp-content\/uploads\/2026\/03\/image-9-293x300.png 293w, https:\/\/www.public-health-kompakt.ch\/wp-content\/uploads\/2026\/03\/image-9-768x786.png 768w\" sizes=\"auto, (max-width: 867px) 100vw, 867px\" \/><\/figure>\n\n\n\n<h4 class=\"wp-block-heading\">Internetquellen<\/h4>\n\n\n\n<ul class=\"wp-block-list\">\n<li>Agence Nationale des Fr\u00e9quences. <a href=\"https:\/\/www.anfr.fr\/accueil\">ANFR-Accueil<\/a><\/li>\n\n\n\n<li>IARC (International Agency for Research on Cancer). <a href=\"https:\/\/www.iarc.who.int\/news-events\/sunbeds-and-uv-radiation\/\">Sunbeds and UV Radiation<\/a><\/li>\n\n\n\n<li>Bundesamt f\u00fcr Gesundheit BAG, Abteilung Strahlenschutz (CH). <a href=\"https:\/\/www.bag.admin.ch\/bag\/de\/home\/das-bag\/publikationen\/taetigkeitsberichte\/jahresberichte-umweltradioaktiviaet.html\">Jahresberichte Umweltradioaktivit\u00e4t<\/a><\/li>\n\n\n\n<li>Bundesamt f\u00fcr Strahlenschutz (D). <a href=\"https:\/\/doris.bfs.de\/jspui\/handle\/urn:nbn:de:0221-2015060312762\/browse?type=title&amp;sort_by=2&amp;order=DESC\">Jahresberichte Umweltradioaktivit\u00e4t und Strahlenbelastung<\/a><\/li>\n\n\n\n<li><a href=\"https:\/\/www.bfs.de\/DE\/home\/home_node.html\">Bundesamt f\u00fcr Strahlenschutz<\/a>, Deutschland<\/li>\n\n\n\n<li>Schweizerisches Bundesamt f\u00fcr Gesundheit (BAG); <em><a href=\"https:\/\/www.bag.admin.ch\/bag\/de\/home\/gesund-leben\/umwelt-und-gesundheit\/strahlung-radioaktivitaet-schall.html\">Strahlung, Radioaktivit\u00e4t &amp; Schall<\/a><\/em><\/li>\n\n\n\n<li>Schweizerisches Bundesamt f\u00fcr Gesundheit (BAG); <em><a href=\"https:\/\/www.bag.admin.ch\/bag\/de\/home\/gesund-leben\/umwelt-und-gesundheit\/strahlung-radioaktivitaet-schall\/elektromagnetische-felder-emf-uv-laser-licht.html\">Elektromagnetische Felder (EMF), UV, Laser und Licht<\/a><\/em><\/li>\n\n\n\n<li>Schweizerisches Bundesamt f\u00fcr Umwelt (Bafu); <em><a href=\"https:\/\/www.bafu.admin.ch\/bafu\/de\/home\/themen\/elektrosmog\/zustand.html\">Elektrosmog<\/a><\/em><\/li>\n\n\n\n<li>Schweizerisches Bundesamt f\u00fcr Umwelt (Bafu); <em><a href=\"https:\/\/www.bafu.admin.ch\/bafu\/de\/home\/themen\/elektrosmog\/fachinformationen\/lichtemissionen--lichtverschmutzung-.html\">Lichtemissionen<\/a> (Lichtverschmutzung)<\/em><\/li>\n\n\n\n<li>Wissenschaftlichen Komitee der Vereinten Nationen \u00fcber die Effekte der <em>atomaren Strahlung<\/em> <a href=\"https:\/\/www.unscear.org\/\">UNSCEAR<\/a> (United Nations Scientific Committee on the Effects of Atomic Radiation)<\/li>\n\n\n\n<li><a href=\"https:\/\/www.icrp.org\/index.asp\">International commission on <em>radiological protection<\/em><\/a> (ICRP)<\/li>\n\n\n\n<li>WHO (World Health Organization); <em><a href=\"https:\/\/www.who.int\/health-topics\/electromagnetic-fields#tab=tab_1\">Electromagnetic fields<\/a><\/em><\/li>\n\n\n\n<li><a href=\"https:\/\/www.ippnw.org\/\">International physicians for the prevention of nuclear war<\/a> (PPNW)<\/li>\n<\/ul>\n\n\n\n<h4 class=\"wp-block-heading\"><a name=\"ZA\"><\/a>Zus\u00e4tzliche Abbildungen<\/h4>\n\n\n\n<p><strong>Die Folgen von Fukushima. Die Abbildung vergleicht die Gr\u00f6\u00dfe der Gebiete, die infolge der Katastrophen von Tschernobyl\u00a0(1986) und Fukushima (2011) durch radioaktiven Fallout belastet wurden.<\/strong><\/p>\n\n\n\n<figure class=\"wp-block-image aligncenter is-resized\"><a href=\"https:\/\/www.public-health-kompakt.ch\/wp-content\/uploads\/2012\/04\/Web-Abb.5.4.2.png\"><img decoding=\"async\" src=\"https:\/\/www.public-health-kompakt.ch\/wp-content\/uploads\/2012\/04\/Web-Abb.5.4.2.png\" alt=\"\" class=\"wp-image-617\" style=\"aspect-ratio:2.0775173667467377;width:900px;height:auto\" title=\"Web-Abb.5.4.2\"\/><\/a><\/figure>\n\n\n\n<p class=\"has-text-align-center\"><\/p>\n\n\n\n<p class=\"has-text-align-center\"><span style=\"font-size: 10px;\">Quelle: <a href=\"http:\/\/blogs.nature.com\/news\/2011\/09\/directly_comparing_fukushima_t.html\" target=\"_blank\" rel=\"noopener\">http:\/\/blogs.nature.com\/news\/2011\/09\/directly_comparing_fukushima_t.html<\/a>.<\/span><br><span style=\"font-size: 10px;\">Reprinted by permission from Macmillan Publishers Ltd:&nbsp;nature.com. newsblog. Directly comparing Fukushima to Chernobyl&nbsp;&#8211;&nbsp;September 07, 2011<\/span><\/p>\n\n\n\n<h5 class=\"wp-block-heading\"><em>&nbsp;<\/em><\/h5>\n\n\n\n<p><strong>Auswirkungen der verschiedenen Anteile der Sonnenstrahlung auf die menschliche Haut. Nur etwa 10% der von der Sonne ausgesandten sichtbaren und unsichtbaren Strahlung geh\u00f6ren zur UV-Strahlung (= \u00a0kurzwellige Anteil des Lichtes zwischen 200 und 400 Nanometern Wellenl\u00e4nge). UV-Strahlung regt einerseits die Bildung von Vitamin D in der Haut an. Andererseits kann es v.a. durch UVB-Strahlung zu einem Sonnenbrand kommen. Sonnenallergien und andere Licht\u00fcberempfindlichkeitsreaktionen gehen wahrscheinlich v.a. auf UVA-Strahlung zur\u00fcck. Ebenso wie die geschilderten Kurzzeit-Wirkungen h\u00e4ngen auch die Langzeitwirkungen der UV-Strahlung in erster Linie von der Dosis und dem Wellenl\u00e4ngenbereich der Strahlung sowie von der pers\u00f6nlichen Empfindlichkeit ab. Langfristige Wirkungen sind z.B. eine fr\u00fchzeitige Hautalterung, die Entstehung von Hauttumoren und Augenkrankheiten, aber auch eine Schw\u00e4chung des Immunsystems.<\/strong><\/p>\n\n\n\n<figure class=\"wp-block-image aligncenter is-resized\"><a href=\"https:\/\/www.public-health-kompakt.ch\/wp-content\/uploads\/2012\/04\/Web-Abb.5.4.2b.png\"><img decoding=\"async\" src=\"https:\/\/www.public-health-kompakt.ch\/wp-content\/uploads\/2012\/04\/Web-Abb.5.4.2b.png\" alt=\"\" class=\"wp-image-618\" style=\"width:500px\" title=\"Web-Abb.5.4.2b\"\/><\/a><\/figure>\n\n\n\n<p class=\"has-text-align-center\"><\/p>\n\n\n\n<p class=\"has-text-align-center\"><span style=\"font-size: 10px;\"><em>Quelle:<\/em> Mit Erlaubnis der Beiersdorf AG; http:\/\/www2.eucerin.com\/de\/ueber-die-haut\/alles-ueber-die-haut\/sonnenlicht-und-sonnenschutz\/spektrum-der-sonnenstrahlen\/&nbsp;(Zugriff: 2011, derzeit nicht mehr online)<\/span><\/p>\n\n\n\n<p>&nbsp;<\/p>\n\n\n\n<h4 class=\"wp-block-heading\"><a name=\"ZB\"><\/a>Zus\u00e4tzliche Box<\/h4>\n\n\n\n<blockquote class=\"wp-block-quote is-style-plain is-layout-flow wp-block-quote-is-layout-flow\">\n<figure class=\"wp-block-image alignright\"><a href=\"https:\/\/www.public-health-kompakt.ch\/wp-content\/uploads\/2012\/04\/Web-Box.5.4.1.png\"><img decoding=\"async\" src=\"https:\/\/www.public-health-kompakt.ch\/wp-content\/uploads\/2012\/04\/Web-Box.5.4.1.png\" alt=\"\" title=\"Web-Box.5.4.1\"\/><\/a><\/figure>\n\n\n\n<p><\/p>\n\n\n\n<p><strong>B\u00fcrgerinitiativen fordern \u00bbDer Mast muss weg.\u00ab<\/strong><br><strong>Mobilfunkanlagen \u2013 eine Gefahr f\u00fcr die Gesundheit? <\/strong><\/p>\n\n\n\n<p>Es gibt immer wieder Klagen von Menschen, die ihre gesundheitlichen Beschwerden elektromagnetischen Feldern zuschreiben, wie sie z.B. von Mobilfunksendeanlagen ausgehen. Dabei handelt es sich meist um unspezifische Symptome wie Schlafst\u00f6rungen oder Kopfschmerzen. Dieses Ph\u00e4nomen wird als <em>elektromagnetische Hypersensibilit\u00e4t<\/em> oder<em>idiopathische Umweltintoleranz<\/em> bezeichnet. F\u00fcr diese Selbstdiagnose gibt es allerdings keine objektivierbaren Parameter. Eine Vielzahl experimenteller Studien konnte zeigen, dass EMF-Strahlung unterhalb der festgelegten Grenzwerte zumindest kurzfristig keine derartigen Beschwerden ausl\u00f6st. Auch l\u00e4ngerfristige Effekte konnten bisher nicht nachgewiesen werden. Diesbez\u00fcglich ist die Datenlage aber immer noch d\u00fcrftig. In der Praxis hat es sich bew\u00e4hrt, die Krankheitstheorie des Patienten durchaus ernst zu nehmen, jedoch vor allem nach umsetzbaren L\u00f6sungen zu suchen, um die Beschwerden zu verringern.<\/p>\n\n\n\n<p class=\"has-text-align-right\"><span style=\"font-size: 10px;\"><em>Quelle der Abbildung:<\/em> selbst ist der Mann<\/span><\/p>\n<\/blockquote>\n\n\n\n<p><\/p>\n","protected":false},"excerpt":{"rendered":"<p>Martin R\u00f6\u00f6sli, Gabriele Berg-Beckhof, Claudia Kuehni, Martin Jutzi Internetquellen Zus\u00e4tzliche Abbildungen Die Folgen von Fukushima. Die Abbildung vergleicht die Gr\u00f6\u00dfe der Gebiete, die infolge der Katastrophen von Tschernobyl\u00a0(1986) und Fukushima (2011) durch radioaktiven Fallout belastet wurden. Quelle: http:\/\/blogs.nature.com\/news\/2011\/09\/directly_comparing_fukushima_t.html.Reprinted by permission from Macmillan Publishers Ltd:&nbsp;nature.com. newsblog. Directly comparing Fukushima to Chernobyl&nbsp;&#8211;&nbsp;September 07, 2011 &nbsp; Auswirkungen der [&hellip;]<\/p>\n","protected":false},"author":7,"featured_media":0,"parent":22,"menu_order":0,"comment_status":"closed","ping_status":"closed","template":"","meta":{"footnotes":""},"class_list":["post-244","page","type-page","status-publish","hentry"],"blocksy_meta":[],"_links":{"self":[{"href":"https:\/\/www.public-health-kompakt.ch\/index.php\/wp-json\/wp\/v2\/pages\/244","targetHints":{"allow":["GET"]}}],"collection":[{"href":"https:\/\/www.public-health-kompakt.ch\/index.php\/wp-json\/wp\/v2\/pages"}],"about":[{"href":"https:\/\/www.public-health-kompakt.ch\/index.php\/wp-json\/wp\/v2\/types\/page"}],"author":[{"embeddable":true,"href":"https:\/\/www.public-health-kompakt.ch\/index.php\/wp-json\/wp\/v2\/users\/7"}],"replies":[{"embeddable":true,"href":"https:\/\/www.public-health-kompakt.ch\/index.php\/wp-json\/wp\/v2\/comments?post=244"}],"version-history":[{"count":59,"href":"https:\/\/www.public-health-kompakt.ch\/index.php\/wp-json\/wp\/v2\/pages\/244\/revisions"}],"predecessor-version":[{"id":7126,"href":"https:\/\/www.public-health-kompakt.ch\/index.php\/wp-json\/wp\/v2\/pages\/244\/revisions\/7126"}],"up":[{"embeddable":true,"href":"https:\/\/www.public-health-kompakt.ch\/index.php\/wp-json\/wp\/v2\/pages\/22"}],"wp:attachment":[{"href":"https:\/\/www.public-health-kompakt.ch\/index.php\/wp-json\/wp\/v2\/media?parent=244"}],"curies":[{"name":"wp","href":"https:\/\/api.w.org\/{rel}","templated":true}]}}